{"id":339,"date":"2016-11-03T17:37:59","date_gmt":"2016-11-03T17:37:59","guid":{"rendered":"http:\/\/lawyer2.mythemecloud.io\/?page_id=339"},"modified":"2023-07-03T17:12:48","modified_gmt":"2023-07-03T15:12:48","slug":"attorneys","status":"publish","type":"page","link":"https:\/\/odfsz.hu\/?page_id=339","title":{"rendered":"R\u00f3lunk"},"content":{"rendered":"\t\t<div data-elementor-type=\"wp-post\" data-elementor-id=\"339\" class=\"elementor elementor-339\">\n\t\t\t\t\t\t<section class=\"elementor-section elementor-top-section elementor-element elementor-element-ca2b69f elementor-section-boxed elementor-section-height-default elementor-section-height-default\" data-id=\"ca2b69f\" data-element_type=\"section\" data-e-type=\"section\">\n\t\t\t\t\t\t<div class=\"elementor-container elementor-column-gap-default\">\n\t\t\t\t\t<div class=\"elementor-column elementor-col-100 elementor-top-column elementor-element elementor-element-d68bdf5\" data-id=\"d68bdf5\" data-element_type=\"column\" data-e-type=\"column\">\n\t\t\t<div class=\"elementor-widget-wrap elementor-element-populated\">\n\t\t\t\t\t\t<div class=\"elementor-element elementor-element-d8bfa64 elementor-widget elementor-widget-heading\" data-id=\"d8bfa64\" data-element_type=\"widget\" data-e-type=\"widget\" data-widget_type=\"heading.default\">\n\t\t\t\t<div class=\"elementor-widget-container\">\n\t\t\t\t\t<h1 class=\"elementor-heading-title elementor-size-xxl\">Az ODFSZ megalakul\u00e1sa<\/h1>\t\t\t\t<\/div>\n\t\t\t\t<\/div>\n\t\t\t\t\t<\/div>\n\t\t<\/div>\n\t\t\t\t\t<\/div>\n\t\t<\/section>\n\t\t\t\t<section class=\"elementor-section elementor-top-section elementor-element elementor-element-da5ebd4 elementor-section-boxed elementor-section-height-default elementor-section-height-default\" data-id=\"da5ebd4\" data-element_type=\"section\" data-e-type=\"section\">\n\t\t\t\t\t\t<div class=\"elementor-container elementor-column-gap-default\">\n\t\t\t\t\t<div class=\"elementor-column elementor-col-66 elementor-top-column elementor-element elementor-element-cdb193d\" data-id=\"cdb193d\" data-element_type=\"column\" data-e-type=\"column\">\n\t\t\t<div class=\"elementor-widget-wrap elementor-element-populated\">\n\t\t\t\t\t\t<div class=\"elementor-element elementor-element-805716d elementor-widget elementor-widget-text-editor\" data-id=\"805716d\" data-element_type=\"widget\" data-e-type=\"widget\" data-widget_type=\"text-editor.default\">\n\t\t\t\t<div class=\"elementor-widget-container\">\n\t\t\t\t\t\t\t\t\t<p>Szakszervezet\u00fcnk 2009. november 18-\u00e1n alakult 25 f\u0151vel. Alap\u00edt\u00f3ink felismert\u00e9k, hogy a mostani \u00e9let\u00fcnket \u00e1ltal\u00e1nosan jellemz\u0151 neh\u00e9z gazdas\u00e1gi helyzet, a fokozatosan egyre kiszolg\u00e1ltatottabb\u00e1 v\u00e1l\u00f3 munkav\u00e1llal\u00f3i r\u00e9tegek megjelen\u00e9se nem csak az Oper\u00e1n k\u00edv\u00fcli vil\u00e1gra vonatkozik, hanem a h\u00e1z falain bel\u00fcl dolgoz\u00f3k is nap, mint nap k\u00e9nytelenek vel\u00fck szemben\u00e9zni.<br \/><br \/>R\u00e1d\u00f6bbent\u00fcnk arra is, hogy a m\u00e1r megl\u00e9v\u0151 operai \u00e9rdekk\u00e9pviselet nem k\u00e9pes eredm\u00e9nyesen felvenni a harcot az er\u0151s\u00f6d\u0151 kih\u00edv\u00e1sokkal. Ez\u00e9rt elhat\u00e1roztuk, hogy egy \u00faj szakszervezetet alap\u00edtunk, amely nem csak minden operah\u00e1zi dolgoz\u00f3 sz\u00e1m\u00e1ra el\u00e9rhet\u0151, hanem szellemis\u00e9g\u00e9ben \u00e9s gyakorlat\u00e1ban is szak\u00edt az addig sajn\u00e1latos m\u00f3don megszokott\u00e1, elfogadott\u00e1 v\u00e1lt halogat\u00f3, a l\u00e9nyeget elkend\u0151z\u0151, a pillanatnyi, sokszor egy\u00e9ni \u00e9rdekeket kiszolg\u00e1l\u00f3 politik\u00e1val \u00e9s a tagok \u00e9rdekeit val\u00f3j\u00e1ban k\u00e9pvisel\u0151 munk\u00e1t folytat. <br \/><br \/>Ezen az \u00faton az els\u0151 t\u00f6bb mint biztat\u00f3 l\u00e9p\u00e9st B\u00e1r\u00e1ny Bal\u00e1zs P\u00e9ter soraink k\u00f6z\u00e9 h\u00edv\u00e1sa \u00e9s eln\u00f6kk\u00e9 val\u00f3 v\u00e1laszt\u00e1sa jelentette.<\/p>\t\t\t\t\t\t\t\t<\/div>\n\t\t\t\t<\/div>\n\t\t\t\t\t<\/div>\n\t\t<\/div>\n\t\t\t\t<div class=\"elementor-column elementor-col-33 elementor-top-column elementor-element elementor-element-9c42cd3\" data-id=\"9c42cd3\" data-element_type=\"column\" data-e-type=\"column\">\n\t\t\t<div class=\"elementor-widget-wrap elementor-element-populated\">\n\t\t\t\t\t\t<div class=\"elementor-element elementor-element-4c40766 elementor-position-top elementor-widget elementor-widget-image-box\" data-id=\"4c40766\" data-element_type=\"widget\" data-e-type=\"widget\" data-widget_type=\"image-box.default\">\n\t\t\t\t<div class=\"elementor-widget-container\">\n\t\t\t\t\t<div class=\"elementor-image-box-wrapper\"><figure class=\"elementor-image-box-img\"><img fetchpriority=\"high\" decoding=\"async\" width=\"192\" height=\"296\" src=\"https:\/\/odfsz.hu\/wp-content\/uploads\/2023\/01\/bbp.jpg\" class=\"attachment-full size-full wp-image-877\" alt=\"\" \/><\/figure><div class=\"elementor-image-box-content\"><h3 class=\"elementor-image-box-title\">B\u00e1r\u00e1ny Bal\u00e1zs P\u00e9ter<br>eln\u00f6k<\/h3><p class=\"elementor-image-box-description\">+36309497732\n<br>barany.b.p@gmail.com<\/p><\/div><\/div>\t\t\t\t<\/div>\n\t\t\t\t<\/div>\n\t\t\t\t\t<\/div>\n\t\t<\/div>\n\t\t\t\t\t<\/div>\n\t\t<\/section>\n\t\t\t\t<section class=\"elementor-section elementor-top-section elementor-element elementor-element-b068067 elementor-section-boxed elementor-section-height-default elementor-section-height-default\" data-id=\"b068067\" data-element_type=\"section\" data-e-type=\"section\">\n\t\t\t\t\t\t<div class=\"elementor-container elementor-column-gap-default\">\n\t\t\t\t\t<div class=\"elementor-column elementor-col-100 elementor-top-column elementor-element elementor-element-804e542\" data-id=\"804e542\" data-element_type=\"column\" data-e-type=\"column\">\n\t\t\t<div class=\"elementor-widget-wrap\">\n\t\t\t\t\t\t\t<\/div>\n\t\t<\/div>\n\t\t\t\t\t<\/div>\n\t\t<\/section>\n\t\t\t\t<\/div>\n\t\t","protected":false},"excerpt":{"rendered":"<p>Az ODFSZ megalakul\u00e1sa Szakszervezet\u00fcnk 2009. november 18-\u00e1n alakult 25 f\u0151vel. Alap\u00edt\u00f3ink felismert\u00e9k, hogy a mostani&#8230;<\/p>\n","protected":false},"author":1,"featured_media":0,"parent":0,"menu_order":0,"comment_status":"closed","ping_status":"closed","template":"","meta":{"footnotes":""},"class_list":["post-339","page","type-page","status-publish","hentry"],"_links":{"self":[{"href":"https:\/\/odfsz.hu\/index.php?rest_route=\/wp\/v2\/pages\/339","targetHints":{"allow":["GET"]}}],"collection":[{"href":"https:\/\/odfsz.hu\/index.php?rest_route=\/wp\/v2\/pages"}],"about":[{"href":"https:\/\/odfsz.hu\/index.php?rest_route=\/wp\/v2\/types\/page"}],"author":[{"embeddable":true,"href":"https:\/\/odfsz.hu\/index.php?rest_route=\/wp\/v2\/users\/1"}],"replies":[{"embeddable":true,"href":"https:\/\/odfsz.hu\/index.php?rest_route=%2Fwp%2Fv2%2Fcomments&post=339"}],"version-history":[{"count":17,"href":"https:\/\/odfsz.hu\/index.php?rest_route=\/wp\/v2\/pages\/339\/revisions"}],"predecessor-version":[{"id":1393,"href":"https:\/\/odfsz.hu\/index.php?rest_route=\/wp\/v2\/pages\/339\/revisions\/1393"}],"wp:attachment":[{"href":"https:\/\/odfsz.hu\/index.php?rest_route=%2Fwp%2Fv2%2Fmedia&parent=339"}],"curies":[{"name":"wp","href":"https:\/\/api.w.org\/{rel}","templated":true}]}}